{"id":791,"date":"2022-10-06T07:10:04","date_gmt":"2022-10-06T10:10:04","guid":{"rendered":"https:\/\/ombud1stg.wpengine.com\/a-propos\/"},"modified":"2024-02-12T14:09:51","modified_gmt":"2024-02-12T18:09:51","slug":"a-propos","status":"publish","type":"page","link":"https:\/\/ombudnb.ca\/fr\/a-propos\/","title":{"rendered":"\u00c0 propos"},"content":{"rendered":"\n<div class=\"wp-block-cover alignfull is-light has-custom-content-position is-position-bottom-left  content-header\" style=\"padding-top:0px;padding-bottom:40px;min-height:400px;aspect-ratio:unset;\"><span aria-hidden=\"true\" class=\"wp-block-cover__background has-green-background-color has-background-dim\"><\/span><img loading=\"lazy\" decoding=\"async\" width=\"1440\" height=\"400\" class=\"wp-block-cover__image-background wp-image-517\" alt=\"\" src=\"https:\/\/ombudnb.ca\/wp-content\/uploads\/2023\/03\/top-banner-two-people.jpg\" data-object-fit=\"cover\" srcset=\"https:\/\/ombudnb.ca\/wp-content\/uploads\/2023\/03\/top-banner-two-people.jpg 1440w, https:\/\/ombudnb.ca\/wp-content\/uploads\/2023\/03\/top-banner-two-people-300x83.jpg 300w, https:\/\/ombudnb.ca\/wp-content\/uploads\/2023\/03\/top-banner-two-people-1024x284.jpg 1024w, https:\/\/ombudnb.ca\/wp-content\/uploads\/2023\/03\/top-banner-two-people-768x213.jpg 768w\" sizes=\"auto, (max-width: 1440px) 100vw, 1440px\" \/><div class=\"wp-block-cover__inner-container is-layout-flow wp-block-cover-is-layout-flow\">\n<div class=\"wp-block-group  container is-layout-flow wp-block-group-is-layout-flow\"><h2 style=\"margin-top:0px;margin-right:0px;margin-bottom:0px;margin-left:0px;\" class=\"alignwide wp-block-post-title has-text-color has-white-color\">\u00c0 propos<\/h2><\/div>\n<\/div><\/div>\n\n\n\n<div id=\"a-propos-de-lombud\" class=\"wp-block-group has-white-background-color has-background is-layout-constrained wp-container-core-group-is-layout-c206b3da wp-block-group-is-layout-constrained\" style=\"margin-top:0px;margin-bottom:0px;padding-top:90px;padding-right:2.5%;padding-bottom:90px;padding-left:3%\">\n<h2 class=\"wp-block-heading has-dark-grey-color has-text-color\" style=\"font-size:36px;font-style:normal;font-weight:800\">\u00c0 propos de l\u2019ombud<\/h2>\n\n\n\n<div class=\"wp-block-columns is-layout-flex wp-container-core-columns-is-layout-28f84493 wp-block-columns-is-layout-flex\">\n<div class=\"wp-block-column is-layout-flow wp-block-column-is-layout-flow\" style=\"flex-basis:33.33%\">\n<figure class=\"wp-block-image size-full\"><img loading=\"lazy\" decoding=\"async\" width=\"800\" height=\"640\" src=\"https:\/\/ombudnb.ca\/wp-content\/uploads\/2023\/12\/Marie-France-Pelletier-headshot.jpg\" alt=\"\" class=\"wp-image-856\" srcset=\"https:\/\/ombudnb.ca\/wp-content\/uploads\/2023\/12\/Marie-France-Pelletier-headshot.jpg 800w, https:\/\/ombudnb.ca\/wp-content\/uploads\/2023\/12\/Marie-France-Pelletier-headshot-300x240.jpg 300w, https:\/\/ombudnb.ca\/wp-content\/uploads\/2023\/12\/Marie-France-Pelletier-headshot-768x614.jpg 768w\" sizes=\"auto, (max-width: 800px) 100vw, 800px\" \/><\/figure>\n<\/div>\n\n\n\n<div class=\"wp-block-column is-layout-flow wp-block-column-is-layout-flow\" style=\"flex-basis:66.66%\">\n<h3 class=\"wp-block-heading has-light-grey-color has-text-color\"><strong>Marie-France Pelletier, B.A., LL.B.<\/strong><\/h3>\n\n\n\n<p class=\"has-light-grey-color has-text-color\">Le 1<sup>er<\/sup> janvier 2022, Marie-France Pelletier est devenue la 8<sup>e<\/sup> Ombud pour la province et la deuxi\u00e8me femme \u00e0 occuper ce poste depuis sa cr\u00e9ation en 1967. Haute fonctionnaire chevronn\u00e9e, elle compte plus de 13 ann\u00e9es d\u2019exp\u00e9rience dans le domaine de la justice administrative. Elle a \u00e9t\u00e9 la premi\u00e8re administratrice en chef (PDG) du Service canadien d\u2019appui aux tribunaux administratifs, o\u00f9 elle a mis en place un organisme de prestation de services sp\u00e9cialis\u00e9 dans le domaine de la justice administrative. En plus d\u2019avoir \u00e9t\u00e9 administratrice de tribunaux, elle cumule plusieurs ann\u00e9es d\u2019exp\u00e9rience \u00e0 titre de membre des plus grands tribunaux administratifs au Canada, tels que la Commission de la location immobili\u00e8re de Tribunaux d\u00e9cisionnels Ontario et \u00e0 titre de premi\u00e8re vice-pr\u00e9sidente de la Commission des lib\u00e9rations conditionnelles du Canada.   <\/p>\n\n\n\n<p class=\"has-light-grey-color has-text-color\">Au fil de ses plus de 30 ann\u00e9es de carri\u00e8re au sein des gouvernements f\u00e9d\u00e9ral et provinciaux, M<sup>me<\/sup> Pelletier a acquis une connaissance approfondie des rouages de l\u2019appareil gouvernemental. Au Nouveau-Brunswick, son travail en tant que chef de cabinet adjointe, puis de sous-ministre des politiques et des priorit\u00e9s, a port\u00e9 sur l\u2019avancement des initiatives de politique sociale, comme les r\u00e9formes de la gouvernance dans les secteurs de la sant\u00e9 et de l\u2019\u00e9ducation, ainsi que mener la premi\u00e8re r\u00e9vision de la <em>Loi sur les langues officielles<\/em> en 30 ans. <\/p>\n\n\n\n<p class=\"has-light-grey-color has-text-color\">M<sup>me<\/sup> Pelletier d\u00e9tient un baccalaur\u00e9at en droit de l\u2019<em>Universit\u00e9 de Moncton<\/em> et est membre du Barreau du Nouveau-Brunswick et de l\u2019Association du Barreau canadien. Elle a si\u00e9g\u00e9 au Conseil des gouverneurs de l\u2019Universit\u00e9 de Moncton et en a pr\u00e9sid\u00e9 le comit\u00e9 de gouvernance. Elle a \u00e9galement \u00e9t\u00e9 vice-pr\u00e9sidente du Conseil des tribunaux administratifs canadiens.  <\/p>\n<\/div>\n<\/div>\n<\/div>\n\n\n\n<div id=\"vision-mission-et-valeurs\" class=\"wp-block-group has-white-background-color has-background is-layout-constrained wp-container-core-group-is-layout-00faf104 wp-block-group-is-layout-constrained\" style=\"margin-top:0px;margin-bottom:0px;padding-top:90px;padding-right:2.5%;padding-bottom:90px;padding-left:3%\">\n<h2 class=\"wp-block-heading has-dark-grey-color has-text-color\" style=\"font-size:36px;font-style:normal;font-weight:800\">Notre vision, notre mission et nos valeurs<\/h2>\n\n\n\n<div class=\"wp-block-columns is-layout-flex wp-container-core-columns-is-layout-28f84493 wp-block-columns-is-layout-flex\">\n<div class=\"wp-block-column is-layout-flow wp-block-column-is-layout-flow\" style=\"flex-basis:33.33%\">\n<h3 class=\"wp-block-heading has-light-grey-color has-text-color has-font-size-26-font-size\"><strong>Vision<\/strong><\/h3>\n<\/div>\n\n\n\n<div class=\"wp-block-column is-layout-flow wp-block-column-is-layout-flow\" style=\"flex-basis:66.66%\">\n<p class=\"has-green-color has-text-color has-font-size-18-font-size\" style=\"padding-top:0px\"><em>Nous sommes des agents de changement positif.<\/em><\/p>\n\n\n\n<p class=\"has-light-grey-color has-text-color\" style=\"margin-top:0px;padding-top:0;padding-right:0;padding-bottom:0;padding-left:0\">Ombud Nouveau-Brunswick sert \u00e0 tracer une voie vers un secteur public o\u00f9 les personnes sont trait\u00e9es \u00e9quitablement, o\u00f9 l\u2019information est partag\u00e9e de mani\u00e8re appropri\u00e9e et o\u00f9 la fonction publique est prot\u00e9g\u00e9e contre le favoritisme et les actes r\u00e9pr\u00e9hensibles.<\/p>\n<\/div>\n<\/div>\n\n\n\n<div class=\"wp-block-columns is-layout-flex wp-container-core-columns-is-layout-28f84493 wp-block-columns-is-layout-flex\">\n<div class=\"wp-block-column is-layout-flow wp-block-column-is-layout-flow\" style=\"flex-basis:33.33%\">\n<h3 class=\"wp-block-heading has-light-grey-color has-text-color has-font-size-26-font-size\">Mission<\/h3>\n<\/div>\n\n\n\n<div class=\"wp-block-column is-layout-flow wp-block-column-is-layout-flow\" style=\"flex-basis:66.66%\">\n<p class=\"has-green-color has-text-color has-font-size-18-font-size\" style=\"padding-top:0px\"><em>Nous aidons \u00e0 trouver des solutions. <\/em><\/p>\n\n\n\n<p class=\"has-light-grey-color has-text-color\" style=\"margin-top:0px;padding-top:0px\">Ombud Nouveau-Brunswick aide les gens et les organismes du secteur public avec leurs pr\u00e9occupations en menant des enqu\u00eates impartiales, en formulant des recommandations et en fournissant des orientations afin de s\u2019assurer que les personnes sont trait\u00e9es de mani\u00e8re uniforme, \u00e9quitable et raisonnable et que leurs droits \u00e0 l\u2019information et \u00e0 la vie priv\u00e9e sont prot\u00e9g\u00e9s. <\/p>\n<\/div>\n<\/div>\n\n\n\n<div class=\"wp-block-columns is-layout-flex wp-container-core-columns-is-layout-28f84493 wp-block-columns-is-layout-flex\">\n<div class=\"wp-block-column is-layout-flow wp-block-column-is-layout-flow\" style=\"flex-basis:33.33%\">\n<h3 class=\"wp-block-heading has-light-grey-color has-text-color has-font-size-26-font-size\">Valeurs<\/h3>\n<\/div>\n\n\n\n<div class=\"wp-block-column is-layout-flow wp-block-column-is-layout-flow\" style=\"flex-basis:66.66%\">\n<p class=\"has-green-color has-text-color has-font-size-18-font-size\" style=\"padding-top:0px\"><em>Nous sommes ind\u00e9pendants, impartiaux et r\u00e9actifs.<\/em><\/p>\n\n\n\n<p class=\"has-light-grey-color has-text-color\" style=\"margin-top:0px;padding-top:0px\">Ombud Nouveau-Brunswick s\u2019efforce d\u2019\u00eatre \u00e0 la hauteur des valeurs suivantes en accomplissant son travail :<br><\/p>\n\n\n\n<p class=\"has-light-grey-color has-text-color\"><strong>Confidentialit\u00e9<\/strong><br>Nous menons nos enqu\u00eates en toute confidentialit\u00e9 tout en fournissant des informations sur la mani\u00e8re dont les organismes du secteur public peuvent am\u00e9liorer leur travail.<\/p>\n\n\n\n<p class=\"has-light-grey-color has-text-color\"><strong>\u00c9quit\u00e9<\/strong><br>Nos enqu\u00eates sont \u00e9quitables envers toutes les personnes concern\u00e9es.<\/p>\n\n\n\n<p class=\"has-light-grey-color has-text-color\"><strong>Impartialit\u00e9<\/strong><br>Nos enqu\u00eates sont impartiales de fa\u00e7on \u00e0 ce que tout le monde puisse avoir confiance dans les solutions que nous recommandons.<\/p>\n\n\n\n<p class=\"has-light-grey-color has-text-color\"><strong>Ind\u00e9pendance<\/strong><br>Nous sommes \u00e0 l\u2019abri d\u2019influence ext\u00e9rieure, qu\u2019il s\u2019agisse du monde politique, des m\u00e9dias ou des parties prenantes.<\/p>\n\n\n\n<p class=\"has-light-grey-color has-text-color\"><strong>Respect<\/strong><br>Nous traitons les gens avec respect et dignit\u00e9.<\/p>\n<\/div>\n<\/div>\n<\/div>\n\n\n\n<div id=\"notre-logo\" class=\"wp-block-group is-layout-constrained wp-container-core-group-is-layout-f04bd8d6 wp-block-group-is-layout-constrained\" style=\"padding-top:90px;padding-right:3%;padding-bottom:90px;padding-left:3%\">\n<h2 class=\"wp-block-heading has-dark-grey-color has-text-color\" style=\"font-size:36px;font-style:normal;font-weight:800\">Notre logo<\/h2>\n\n\n\n<div class=\"wp-block-columns is-layout-flex wp-container-core-columns-is-layout-28f84493 wp-block-columns-is-layout-flex\">\n<div class=\"wp-block-column is-layout-flow wp-block-column-is-layout-flow\" style=\"padding-top:var(--wp--preset--spacing--80);padding-right:0;padding-bottom:0;padding-left:0;flex-basis:33.33%\">\n<figure class=\"wp-block-image size-large\"><img loading=\"lazy\" decoding=\"async\" width=\"179\" height=\"126\" src=\"https:\/\/ombudnb.ca\/wp-content\/uploads\/2022\/10\/Logo.svg\" alt=\"\" class=\"wp-image-78\"\/><\/figure>\n<\/div>\n\n\n\n<div class=\"wp-block-column is-layout-flow wp-block-column-is-layout-flow\" style=\"flex-basis:66.66%\">\n<p class=\"has-light-grey-color has-text-color\">En 1984, la Cour supr\u00eame du Canada a d\u00e9crit les pouvoirs d\u2019un ombudsman comme suit :<\/p>\n\n\n\n<blockquote class=\"wp-block-quote is-style-default has-light-grey-color has-text-color is-layout-flow wp-block-quote-is-layout-flow\">\n<p class=\"has-light-grey-color has-text-color\">\u00ab Plus important encore, les pouvoirs d\u2019enqu\u00eate [de l\u2019ombudsman] peuvent permettre d\u2019\u00e9taler au grand jour des cas de mauvaise administration bureaucratique qui passeraient inaper\u00e7us autrement. L\u2019ombudsman peut \u2018faire la lumi\u00e8re dans des coins sombres, m\u00eame en d\u00e9pit de ceux qui pr\u00e9f\u00e9reraient tirer le rideau\u2018. \u00bb [traduction]<\/p>\n<cite>Le juge Dickson dans l\u2019affaire British Columbia Development Corp. c. Colombie-Britannique (Ombudsman) [1984] [1984]2 R.C.S. 447 (CSC)<\/cite><\/blockquote>\n\n\n\n<p class=\"has-light-grey-color has-text-color\">Le logo d\u2019Ombud NB, qui repr\u00e9sente une interpr\u00e9tation moderne d\u2019un phare, tire son inspiration de cette citation. En effet, quoi de mieux pour repr\u00e9senter le fait de mettre en lumi\u00e8re une situation que les phares qui font partie du paysage c\u00f4tier du Nouveau-Brunswick. <\/p>\n<\/div>\n<\/div>\n<\/div>\n\n\n\n<div id=\"structure-organisationnelle\" class=\"wp-block-group is-layout-constrained wp-container-core-group-is-layout-d135e3ad wp-block-group-is-layout-constrained\" style=\"padding-top:90px;padding-right:2.5%;padding-bottom:90px;padding-left:3%\">\n<h2 class=\"wp-block-heading has-dark-grey-color has-text-color\" style=\"font-size:36px;font-style:normal;font-weight:800\">Structure organisationnelle<\/h2>\n\n\n\n<figure class=\"wp-block-image size-large is-resized\"><img loading=\"lazy\" decoding=\"async\" width=\"1070\" height=\"289\" src=\"https:\/\/ombudnb.ca\/wp-content\/uploads\/2023\/12\/org-chart-dec19-fr.svg\" alt=\"\" class=\"wp-image-868\"\/><\/figure>\n\n\n\n<div style=\"height:30px\" aria-hidden=\"true\" class=\"wp-block-spacer\"><\/div>\n\n\n\n<ul class=\"has-light-grey-color has-text-color wp-block-list\">\n<li><strong>Secteur de l\u2019\u00e9quit\u00e9 administrative<\/strong> : Responsable des plaintes et des enqu\u00eates en vertu de la <em>Loi sur l&rsquo;Ombud<\/em> et de la <em>Loi sur la fonction publique<\/em>. Aide avec les plaintes en vertu de la <em><em>Loi sur les divulgations faites dans l\u2019int\u00e9r\u00eat public<\/em><\/em>.<\/li>\n\n\n\n<li><strong>Secteur de l\u2019information et la vie priv\u00e9e<\/strong> : Responsable des plaintes et des enqu\u00eates en vertu de la <em>Loi sur le droit \u00e0 l\u2019information et la protection de la vie priv\u00e9e<\/em>, de la <em>Loi sur l\u2019acc\u00e8s et la protection en mati\u00e8re de renseignements personnels sur la sant\u00e9<\/em>, et de la <em>Loi sur les archives<\/em>. Aide avec les plaintes en vertu de la <em><em>Loi sur les divulgations faites dans l\u2019int\u00e9r\u00eat public<\/em><\/em>.<\/li>\n\n\n\n<li><strong>Secteur des affaires publiques<\/strong> : Responsable des communications, de la sensibilisation, du rayonnement, de la formation, de la planification strat\u00e9gique et de l&rsquo;analyse des politiques.<\/li>\n\n\n\n<li><strong>Secteur des op\u00e9rations<\/strong> : Responsable pour les services d&rsquo;administration, les proc\u00e9d\u00e9s d&rsquo;affaires et les syst\u00e8mes de gestion des dossiers<\/li>\n<\/ul>\n\n\n\n<div style=\"height:60px\" aria-hidden=\"true\" class=\"wp-block-spacer\"><\/div>\n\n\n\n<div class=\"wp-block-columns is-layout-flex wp-container-core-columns-is-layout-28f84493 wp-block-columns-is-layout-flex\">\n<div class=\"wp-block-column is-layout-flow wp-block-column-is-layout-flow\" style=\"flex-basis:33.33%\">\n<h3 class=\"wp-block-heading has-light-grey-color has-text-color has-font-size-26-font-size\">Notre mode de fonctionnement<\/h3>\n<\/div>\n\n\n\n<div class=\"wp-block-column is-layout-flow wp-block-column-is-layout-flow\" style=\"flex-basis:66.66%\">\n<p class=\"has-light-grey-color has-text-color\">En tant que bureau, notre objectif est d\u2019essayer de r\u00e9soudre les plaintes de mani\u00e8re informelle et aussi rapidement que possible. \u00c0 nos yeux, un processus de plainte qui vise v\u00e9ritablement \u00e0 trouver des solutions pratiques aux probl\u00e8mes rencontr\u00e9s par les personnes est avantageux pour tous. <\/p>\n\n\n\n<p class=\"has-light-grey-color has-text-color\">Les gens qui communiquent avec notre bureau interagissent g\u00e9n\u00e9ralement avec les membres du personnel suivants :<\/p>\n\n\n\n<h2 class=\"wp-block-heading has-light-grey-color has-text-color has-font-size-18-font-size\">Agents ou Agentes de r\u00e9solution rapide (ARR)<\/h2>\n\n\n\n<p class=\"has-light-grey-color has-text-color\">Les ARR sont charg\u00e9s de r\u00e9pondre aux demandes de renseignements g\u00e9n\u00e9raux, de les examiner et de faciliter la r\u00e9solution rapide des plaintes, dans la mesure du possible. Ils aident \u00e0 d\u00e9terminer si notre bureau a le pouvoir de r\u00e9soudre la plainte. Si ce n\u2019est pas le cas, ils aideront la partie plaignante \u00e0 trouver \u00e0 qui s\u2019adresser pour obtenir de l\u2019aide suppl\u00e9mentaire.  <\/p>\n\n\n\n<h2 class=\"wp-block-heading has-light-grey-color has-text-color has-font-size-18-font-size\">Analystes des plaintes<\/h2>\n\n\n\n<p class=\"has-light-grey-color has-text-color\">Si une plainte ne peut pas \u00eatre facilement r\u00e9solue dans le cadre du processus de r\u00e9solution rapide ou si les questions sont complexes (p. ex. si la plainte implique un certain nombre de personnes ou d\u2019organismes), elle sera transf\u00e9r\u00e9e \u00e0 un analyste. Les analystes des plaintes sont charg\u00e9s de mener une analyse plus approfondie d\u2019une plainte et de continuer \u00e0 essayer de r\u00e9soudre le probl\u00e8me de fa\u00e7on informelle dans la mesure du possible. <\/p>\n\n\n\n<h2 class=\"wp-block-heading has-light-grey-color has-text-color has-font-size-18-font-size\">Enqu\u00eateurs principaux ou Enqu\u00eatrices principales (EP)<\/h2>\n\n\n\n<p class=\"has-light-grey-color has-text-color\">Les EP sont charg\u00e9s de mener des enqu\u00eates formelles ou syst\u00e9miques ainsi que des v\u00e9rifications. Ce genre d\u2019enqu\u00eates ou de v\u00e9rifications peuvent donner lieu \u00e0 des rapports publics et figurent parmi les travaux les plus difficiles et les plus visibles d\u2019Ombud NB. Dans le cadre de ces enqu\u00eates, les EP peuvent mener des entrevues avec les parties plaignantes et d\u2019autres personnes concern\u00e9es par une plainte.  <\/p>\n<\/div>\n<\/div>\n<\/div>\n\n\n\n<div id=\"histoire\" class=\"wp-block-group is-layout-constrained wp-container-core-group-is-layout-d135e3ad wp-block-group-is-layout-constrained\" style=\"padding-top:90px;padding-right:2.5%;padding-bottom:90px;padding-left:3%\">\n<h2 class=\"wp-block-heading has-dark-grey-color has-text-color\" style=\"font-size:36px;font-style:normal;font-weight:800\">Notre histoire<\/h2>\n\n\n\n<p class=\"has-light-grey-color has-text-color\">Il est important de reconna\u00eetre la place du Nouveau-Brunswick dans l\u2019histoire, puisqu\u2019il s\u2019agit de la deuxi\u00e8me province canadienne \u00e0 avoir cr\u00e9\u00e9 et nomm\u00e9 un ombudsman provincial en 1967. Ce faisant, le Nouveau-Brunswick s\u2019est joint \u00e0 des pionniers comme l\u2019Alberta, le Danemark, la Nouvelle-Z\u00e9lande et d\u2019autres pays qui ont nomm\u00e9 un ombudsman en tant qu\u2019agent de l\u2019Assembl\u00e9e l\u00e9gislative pour recevoir les plaintes concernant l\u2019action (ou l\u2019inaction) bureaucratique et les r\u00e9gler.  <\/p>\n\n\n\n<p class=\"has-light-grey-color has-text-color\">Le 14 mars 1967, le discours du Tr\u00f4ne pr\u00e9cisait que :<\/p>\n\n\n\n<blockquote class=\"wp-block-quote is-layout-flow wp-block-quote-is-layout-flow\">\n<p class=\"has-light-grey-color has-text-color\">\u00ab Mon gouvernement estime qu\u2019en raison de l\u2019\u00e9tendue et de la complexit\u00e9 du gouvernement dans la soci\u00e9t\u00e9 moderne, il est important d\u2019assurer au citoyen une protection compl\u00e8te contre toute action arbitraire ou injuste. \u00c0 cet \u00e9gard, mon gouvernement d\u00e9posera une loi visant \u00e0 constituer un Bureau de l\u2019ombudsman. \u00bb [Traduction] <\/p>\n<\/blockquote>\n\n\n\n<p class=\"has-light-grey-color has-text-color\">Le 26 avril 1967, le projet de loi 43, la <em>Loi sur l\u2019ombud<\/em>, est pr\u00e9sent\u00e9 par le premier ministre de l\u2019\u00e9poque, Louis Robichaud : <\/p>\n\n\n\n<blockquote class=\"wp-block-quote is-layout-flow wp-block-quote-is-layout-flow\">\n<p class=\"has-light-grey-color has-text-color\">\u00ab Le gouvernement est d\u2019avis qu\u2019\u00e0 une \u00e9poque o\u00f9 le gouvernement et les organismes administratifs connexes jouent un r\u00f4le aussi important dans la vie de nos citoyens, il est essentiel que le citoyen soit prot\u00e9g\u00e9 contre les actes administratifs injustes, insensibles, arbitraires ou inappropri\u00e9s. \u00bb [Traduction]<\/p>\n<\/blockquote>\n\n\n\n<p class=\"has-light-grey-color has-text-color\">Le projet de loi a re\u00e7u un appui bipartite et, le 19 mai 1967, la sanction royale. Le 11 octobre 1967, le premier ombudsman du Nouveau-Brunswick a \u00e9t\u00e9 nomm\u00e9. <\/p>\n\n\n\n<p class=\"has-light-grey-color has-text-color\">Encore \u00e0 ce jour, Ombud NB b\u00e9n\u00e9ficie d\u2019un large mandat pour enqu\u00eater sur \u00ab une d\u00e9cision ou une recommandation faite, un acte fait ou omis ou une proc\u00e9dure utilis\u00e9e en ce qui concerne une d\u00e9cision administrative par une autorit\u00e9 ou un bureau d\u2019un organisme, par rapport auxquels une personne est l\u00e9s\u00e9e ou, de l\u2019avis de l\u2019ombudsman, peut \u00eatre l\u00e9s\u00e9e \u00bb (paragraphe 12(1) de la <em>Loi sur l\u2019ombud<\/em>). La liste des organismes publics que l\u2019ombud est charg\u00e9 de surveiller s\u2019est allong\u00e9e au fil du temps, passant des minist\u00e8res gouvernementaux, aux gouvernements locaux, aux autorit\u00e9s sanitaires, aux districts scolaires et \u00e0 d\u2019autres organismes gouvernementaux, ainsi qu\u2019aux universit\u00e9s et aux d\u00e9positaires de renseignements personnels sur la sant\u00e9 en ce qui concerne leurs responsabilit\u00e9s en vertu de la l\u00e9gislation en mati\u00e8re d\u2019acc\u00e8s \u00e0 l\u2019information et la vie priv\u00e9e.   <\/p>\n\n\n\n<p class=\"has-light-grey-color has-text-color\">Depuis 1967, les responsabilit\u00e9s d\u2019Ombud NB ont consid\u00e9rablement chang\u00e9, en plus de son mandat principal en vertu de la <em>Loi sur l\u2019ombud<\/em>. Depuis l\u2019entr\u00e9e en vigueur en 1978 de la <em>Loi sur l\u2019acc\u00e8s \u00e0 l\u2019information<\/em> au Nouveau-Brunswick et subs\u00e9quemment de la Loi sur la protection des renseignements personnels, l\u2019ombud \u00e9tait charg\u00e9 de recevoir les plaintes relatives \u00e0 l\u2019acc\u00e8s \u00e0 l\u2019information et \u00e0 la vie priv\u00e9e. \u00c0 la suite d\u2019une r\u00e9vision majeure de ces lois qui a conduit \u00e0 l\u2019adoption de la nouvelle <em>Loi sur le droit \u00e0 l\u2019information et la protection de la vie priv\u00e9e<\/em> et de la <em>Loi sur l\u2019acc\u00e8s et la protection en mati\u00e8re de renseignements personnels sur la sant\u00e9<\/em> en 2009, un Commissariat \u00e0 la protection de la vie priv\u00e9e a \u00e9t\u00e9 cr\u00e9\u00e9 en tant qu\u2019organisme de surveillance de cette loi. Par la suite, un examen l\u00e9gislatif obligatoire de la loi a \u00e9t\u00e9 effectu\u00e9, \u00e0 la suite duquel la responsabilit\u00e9 de surveillance a \u00e9t\u00e9 transf\u00e9r\u00e9e au Bureau du commissaire \u00e0 l\u2019int\u00e9grit\u00e9 en 2018. En 2019, cette responsabilit\u00e9 de surveillance a \u00e9t\u00e9 une fois de plus transf\u00e9r\u00e9e du bureau du commissaire \u00e0 l\u2019int\u00e9grit\u00e9 \u00e0 l\u2019ombud, ce qui a permis de boucler la boucle et de ramener cette responsabilit\u00e9 dans le giron du Bureau de l\u2019ombud.  <\/p>\n\n\n\n<p class=\"has-light-grey-color has-text-color\">En 1994, dans le cadre d\u2019une modification \u00e0 la <em>Loi sur l\u2019emploi dans la fonction publique<\/em>, la Commission de la fonction publique a \u00e9t\u00e9 fusionn\u00e9e avec le Bureau de l\u2019ombudsman. En d\u00e9cembre 2009, de nouvelles modifications \u00e0 la <em>Loi sur la fonction publique<\/em> ont \u00e9t\u00e9 adopt\u00e9es, r\u00e9duisant consid\u00e9rablement les pouvoirs d\u2019Ombud NB en vertu de cette loi. Les all\u00e9gations de favoritisme dans les s\u00e9lections pour les nominations dans la fonction publique sont depuis le seul motif pour lequel une plainte peut \u00eatre soumise \u00e0 Ombud NB en vertu de la <em>Loi sur la fonction publique<\/em>.  <\/p>\n\n\n\n<p class=\"has-light-grey-color has-text-color\">En 2006, la <em>Loi sur le d\u00e9fenseur des enfants et des jeunes<\/em> a \u00e9t\u00e9 introduite et approuv\u00e9e, et le d\u00e9fenseur relevait d\u2019Ombud NB. En 2012, le D\u00e9fenseur des enfants et des jeunes cesse de relever de l\u2019ombud et devient une entit\u00e9 distincte. <\/p>\n\n\n\n<p class=\"has-light-grey-color has-text-color\">En 2008, la <em>Loi sur les divulgations faites dans l\u2019int\u00e9r\u00eat public<\/em> (LDIP) est entr\u00e9e en vigueur. Les modifications apport\u00e9es \u00e0 la LDIP en juin 2011 ont eu pour effet de transf\u00e9rer la responsabilit\u00e9 de la r\u00e9ception des plaintes \u00e0 l\u2019ombud en vertu de cette loi. <\/p>\n\n\n\n<div class=\"wp-block-group is-layout-constrained wp-container-core-group-is-layout-db5a3857 wp-block-group-is-layout-constrained\" style=\"padding-top:60px;padding-bottom:60px;padding-left:var(--wp--preset--spacing--60)\">\n<h3 class=\"wp-block-heading has-light-grey-color has-text-color has-font-size-26-font-size\" style=\"font-style:normal;font-weight:800\">Ombuds pr\u00e9c\u00e9dents<\/h3>\n\n\n\n<div class=\"wp-block-group is-vertical is-layout-flex wp-container-core-group-is-layout-5f9f5280 wp-block-group-is-layout-flex\">\n<div class=\"wp-block-group has-light-grey-color has-text-color  link-col is-content-justification-space-between is-nowrap is-layout-flex wp-container-core-group-is-layout-e8120192 wp-block-group-is-layout-flex\" style=\"padding-top:17px;padding-bottom:17px\">\n<p><a href=\"https:\/\/ombudnb.ca\/wp-content\/uploads\/2023\/05\/WilliamThomasRos-FlemingtonPhDfr-.pdf\" data-type=\"URL\" data-id=\"https:\/\/ombudnb.ca\/wp-content\/uploads\/2023\/05\/WilliamThomasRos-FlemingtonPhDfr-.pdf\" target=\"_blank\" rel=\"noreferrer noopener\">William Thomas Ross Flemington, Ph. D.<\/a><\/p>\n\n\n\n<figure class=\"wp-block-image size-large\"><a href=\"https:\/\/ombudnb.ca\/wp-content\/uploads\/2023\/05\/WilliamThomasRos-FlemingtonPhDfr-.pdf\" target=\"_blank\" rel=\"noreferrer noopener\"><img loading=\"lazy\" decoding=\"async\" width=\"34\" height=\"34\" src=\"https:\/\/ombudnb.ca\/wp-content\/uploads\/2022\/10\/arrow-circle-up.svg\" alt=\"\" class=\"wp-image-165\"\/><\/a><\/figure>\n<\/div>\n\n\n\n<div class=\"wp-block-group has-light-grey-color has-text-color  link-col is-content-justification-space-between is-nowrap is-layout-flex wp-container-core-group-is-layout-e8120192 wp-block-group-is-layout-flex\" style=\"padding-top:17px;padding-bottom:17px\">\n<p><a href=\"https:\/\/ombudnb.ca\/wp-content\/uploads\/2023\/05\/charles-edouard-joseph-leger-fr.pdf\" target=\"_blank\" rel=\"noreferrer noopener\">Charles \u00c9douard Joseph L\u00e9ger<\/a><\/p>\n\n\n\n<figure class=\"wp-block-image size-large\"><a href=\"https:\/\/ombudnb.ca\/wp-content\/uploads\/2023\/05\/charles-edouard-joseph-leger-fr.pdf\" target=\"_blank\" rel=\"noreferrer noopener\"><img loading=\"lazy\" decoding=\"async\" width=\"34\" height=\"34\" src=\"https:\/\/ombudnb.ca\/wp-content\/uploads\/2022\/10\/arrow-circle-up.svg\" alt=\"\" class=\"wp-image-165\"\/><\/a><\/figure>\n<\/div>\n\n\n\n<div class=\"wp-block-group has-light-grey-color has-text-color  link-col is-content-justification-space-between is-nowrap is-layout-flex wp-container-core-group-is-layout-e8120192 wp-block-group-is-layout-flex\" style=\"padding-top:17px;padding-bottom:17px\">\n<p><a href=\"https:\/\/ombudnb.ca\/wp-content\/uploads\/2023\/05\/george-a-mcallister-fr.pdf\" target=\"_blank\" rel=\"noreferrer noopener\">George A. McAllister<\/a><\/p>\n\n\n\n<figure class=\"wp-block-image size-large\"><a href=\"https:\/\/ombudnb.ca\/wp-content\/uploads\/2023\/05\/george-a-mcallister-fr.pdf\" target=\"_blank\" rel=\"noreferrer noopener\"><img loading=\"lazy\" decoding=\"async\" width=\"34\" height=\"34\" src=\"https:\/\/ombudnb.ca\/wp-content\/uploads\/2022\/10\/arrow-circle-up.svg\" alt=\"\" class=\"wp-image-165\"\/><\/a><\/figure>\n<\/div>\n\n\n\n<div class=\"wp-block-group has-light-grey-color has-text-color  link-col is-content-justification-space-between is-nowrap is-layout-flex wp-container-core-group-is-layout-e8120192 wp-block-group-is-layout-flex\" style=\"padding-top:17px;padding-bottom:17px\">\n<p><a href=\"https:\/\/ombudnb.ca\/wp-content\/uploads\/2023\/05\/joseph-berube-fr.pdf\" target=\"_blank\" rel=\"noreferrer noopener\">Joseph E. B\u00e9rub\u00e9<\/a><\/p>\n\n\n\n<figure class=\"wp-block-image size-large\"><a href=\"https:\/\/ombudnb.ca\/wp-content\/uploads\/2023\/05\/joseph-berube-fr.pdf\" target=\"_blank\" rel=\"noreferrer noopener\"><img loading=\"lazy\" decoding=\"async\" width=\"34\" height=\"34\" src=\"https:\/\/ombudnb.ca\/wp-content\/uploads\/2022\/10\/arrow-circle-up.svg\" alt=\"\" class=\"wp-image-165\"\/><\/a><\/figure>\n<\/div>\n\n\n\n<div class=\"wp-block-group has-light-grey-color has-text-color  link-col is-content-justification-space-between is-nowrap is-layout-flex wp-container-core-group-is-layout-e8120192 wp-block-group-is-layout-flex\" style=\"padding-top:17px;padding-bottom:17px\">\n<p><a href=\"https:\/\/ombudnb.ca\/wp-content\/uploads\/2023\/05\/Ellen_King-fr.pdf\" target=\"_blank\" rel=\"noreferrer noopener\">Ellen King<\/a><\/p>\n\n\n\n<figure class=\"wp-block-image size-large\"><a href=\"https:\/\/ombudnb.ca\/wp-content\/uploads\/2023\/05\/Ellen_King-fr.pdf\" target=\"_blank\" rel=\"noreferrer noopener\"><img loading=\"lazy\" decoding=\"async\" width=\"34\" height=\"34\" src=\"https:\/\/ombudnb.ca\/wp-content\/uploads\/2022\/10\/arrow-circle-up.svg\" alt=\"\" class=\"wp-image-165\"\/><\/a><\/figure>\n<\/div>\n\n\n\n<div class=\"wp-block-group has-light-grey-color has-text-color  link-col is-content-justification-space-between is-nowrap is-layout-flex wp-container-core-group-is-layout-e8120192 wp-block-group-is-layout-flex\" style=\"padding-top:17px;padding-bottom:17px\">\n<p><a href=\"https:\/\/ombudnb.ca\/wp-content\/uploads\/2023\/05\/Bernard-Richard-fr.pdf\" target=\"_blank\" rel=\"noreferrer noopener\">Bernard Richard<\/a><\/p>\n\n\n\n<figure class=\"wp-block-image size-large\"><a href=\"https:\/\/ombudnb.ca\/wp-content\/uploads\/2023\/05\/Bernard-Richard-fr.pdf\" target=\"_blank\" rel=\"noreferrer noopener\"><img loading=\"lazy\" decoding=\"async\" width=\"34\" height=\"34\" src=\"https:\/\/ombudnb.ca\/wp-content\/uploads\/2022\/10\/arrow-circle-up.svg\" alt=\"\" class=\"wp-image-165\"\/><\/a><\/figure>\n<\/div>\n\n\n\n<div class=\"wp-block-group has-light-grey-color has-text-color  link-col is-content-justification-space-between is-nowrap is-layout-flex wp-container-core-group-is-layout-e8120192 wp-block-group-is-layout-flex\" style=\"padding-top:17px;padding-bottom:17px\">\n<p><a href=\"https:\/\/ombudnb.ca\/wp-content\/uploads\/2023\/05\/Charles-Murray-fr.pdf\" target=\"_blank\" rel=\"noreferrer noopener\">Charles Murray<\/a><\/p>\n\n\n\n<figure class=\"wp-block-image size-large\"><a href=\"https:\/\/ombudnb.ca\/wp-content\/uploads\/2023\/05\/Charles-Murray-fr.pdf\" target=\"_blank\" rel=\"noreferrer noopener\"><img loading=\"lazy\" decoding=\"async\" width=\"34\" height=\"34\" src=\"https:\/\/ombudnb.ca\/wp-content\/uploads\/2022\/10\/arrow-circle-up.svg\" alt=\"\" class=\"wp-image-165\"\/><\/a><\/figure>\n<\/div>\n<\/div>\n<\/div>\n\n\n\n<div class=\"wp-block-group is-layout-constrained wp-container-core-group-is-layout-2e6e6a93 wp-block-group-is-layout-constrained\" style=\"padding-top:0px;padding-bottom:90px;padding-left:var(--wp--preset--spacing--60)\">\n<h3 class=\"wp-block-heading has-dark-grey-color has-text-color has-font-size-26-font-size\" style=\"font-style:normal;font-weight:800\">Commissaires pr\u00e9c\u00e9dents<\/h3>\n\n\n\n<div class=\"wp-block-group is-vertical is-layout-flex wp-container-core-group-is-layout-5f9f5280 wp-block-group-is-layout-flex\">\n<div class=\"wp-block-group has-light-grey-color has-text-color  link-col is-content-justification-space-between is-nowrap is-layout-flex wp-container-core-group-is-layout-e8120192 wp-block-group-is-layout-flex\" style=\"padding-top:17px;padding-bottom:17px\">\n<p><a href=\"https:\/\/ombudnb.ca\/wp-content\/uploads\/2023\/05\/Anne-Bertrand-fr.pdf\" target=\"_blank\" rel=\"noreferrer noopener\">Anne Bertrand<\/a><\/p>\n\n\n\n<figure class=\"wp-block-image size-large\"><a href=\"https:\/\/ombudnb.ca\/wp-content\/uploads\/2023\/05\/Anne-Bertrand-fr.pdf\" target=\"_blank\" rel=\"noreferrer noopener\"><img loading=\"lazy\" decoding=\"async\" width=\"34\" height=\"34\" src=\"https:\/\/ombudnb.ca\/wp-content\/uploads\/2022\/10\/arrow-circle-up.svg\" alt=\"\" class=\"wp-image-165\"\/><\/a><\/figure>\n<\/div>\n\n\n\n<div class=\"wp-block-group has-light-grey-color has-text-color  link-col is-content-justification-space-between is-nowrap is-layout-flex wp-container-core-group-is-layout-e8120192 wp-block-group-is-layout-flex\" style=\"padding-top:17px;padding-bottom:17px\">\n<p><a href=\"https:\/\/ombudnb.ca\/wp-content\/uploads\/2023\/05\/Alexandre-Deschenes-fr.pdf\" target=\"_blank\" rel=\"noreferrer noopener\">L\u2019honorable Alexandre Desch\u00eanes <\/a><\/p>\n\n\n\n<figure class=\"wp-block-image size-large\"><a href=\"https:\/\/ombudnb.ca\/wp-content\/uploads\/2023\/05\/Alexandre-Deschenes-fr.pdf\" target=\"_blank\" rel=\"noreferrer noopener\"><img loading=\"lazy\" decoding=\"async\" width=\"34\" height=\"34\" src=\"https:\/\/ombudnb.ca\/wp-content\/uploads\/2022\/10\/arrow-circle-up.svg\" alt=\"\" class=\"wp-image-165\"\/><\/a><\/figure>\n<\/div>\n<\/div>\n<\/div>\n<\/div>\n","protected":false},"excerpt":{"rendered":"<p>\u00c0 propos de l\u2019ombud Marie-France Pelletier, B.A., LL.B. Le 1er janvier 2022, Marie-France Pelletier est devenue la 8e Ombud pour la province et la deuxi\u00e8me femme \u00e0 occuper ce poste depuis sa cr\u00e9ation en 1967. Haute fonctionnaire chevronn\u00e9e, elle compte plus de 13 ann\u00e9es d\u2019exp\u00e9rience dans le domaine de la justice administrative. Elle a \u00e9t\u00e9 [&hellip;]<\/p>\n","protected":false},"author":6,"featured_media":0,"parent":0,"menu_order":0,"comment_status":"closed","ping_status":"closed","template":"","meta":{"footnotes":""},"class_list":["post-791","page","type-page","status-publish","hentry"],"yoast_head":"<!-- This site is optimized with the Yoast SEO plugin v24.5 - https:\/\/yoast.com\/wordpress\/plugins\/seo\/ -->\n<title>\u00c0 propos - Ombud NB<\/title>\n<meta name=\"description\" content=\"\u00c0 propos de l\u2019ombud. Notre vision, notre mission et nos valeurs et notre histoire.\" \/>\n<meta name=\"robots\" content=\"index, follow, max-snippet:-1, max-image-preview:large, max-video-preview:-1\" \/>\n<link rel=\"canonical\" href=\"https:\/\/ombudnb.ca\/fr\/a-propos\/\" \/>\n<meta property=\"og:locale\" content=\"fr_FR\" \/>\n<meta property=\"og:type\" content=\"article\" \/>\n<meta property=\"og:title\" content=\"\u00c0 propos - Ombud NB\" \/>\n<meta property=\"og:description\" content=\"\u00c0 propos de l\u2019ombud. Notre vision, notre mission et nos valeurs et notre histoire.\" \/>\n<meta property=\"og:url\" content=\"https:\/\/ombudnb.ca\/fr\/a-propos\/\" \/>\n<meta property=\"og:site_name\" content=\"Ombud NB\" \/>\n<meta property=\"article:modified_time\" content=\"2024-02-12T18:09:51+00:00\" \/>\n<meta property=\"og:image\" content=\"https:\/\/ombudnb.ca\/wp-content\/uploads\/2023\/03\/top-banner-two-people.jpg\" \/>\n<meta name=\"twitter:card\" content=\"summary_large_image\" \/>\n<meta name=\"twitter:label1\" content=\"Dur\u00e9e de lecture estim\u00e9e\" \/>\n\t<meta name=\"twitter:data1\" content=\"10 minutes\" \/>\n<script type=\"application\/ld+json\" class=\"yoast-schema-graph\">{\"@context\":\"https:\/\/schema.org\",\"@graph\":[{\"@type\":\"WebPage\",\"@id\":\"https:\/\/ombudnb.ca\/fr\/a-propos\/\",\"url\":\"https:\/\/ombudnb.ca\/fr\/a-propos\/\",\"name\":\"\u00c0 propos - Ombud NB\",\"isPartOf\":{\"@id\":\"https:\/\/ombudnb.ca\/fr\/#website\"},\"primaryImageOfPage\":{\"@id\":\"https:\/\/ombudnb.ca\/fr\/a-propos\/#primaryimage\"},\"image\":{\"@id\":\"https:\/\/ombudnb.ca\/fr\/a-propos\/#primaryimage\"},\"thumbnailUrl\":\"https:\/\/ombudnb.ca\/wp-content\/uploads\/2023\/03\/top-banner-two-people.jpg\",\"datePublished\":\"2022-10-06T10:10:04+00:00\",\"dateModified\":\"2024-02-12T18:09:51+00:00\",\"description\":\"\u00c0 propos de l\u2019ombud. Notre vision, notre mission et nos valeurs et notre histoire.\",\"breadcrumb\":{\"@id\":\"https:\/\/ombudnb.ca\/fr\/a-propos\/#breadcrumb\"},\"inLanguage\":\"fr-FR\",\"potentialAction\":[{\"@type\":\"ReadAction\",\"target\":[\"https:\/\/ombudnb.ca\/fr\/a-propos\/\"]}]},{\"@type\":\"ImageObject\",\"inLanguage\":\"fr-FR\",\"@id\":\"https:\/\/ombudnb.ca\/fr\/a-propos\/#primaryimage\",\"url\":\"https:\/\/ombudnb.ca\/wp-content\/uploads\/2023\/03\/top-banner-two-people.jpg\",\"contentUrl\":\"https:\/\/ombudnb.ca\/wp-content\/uploads\/2023\/03\/top-banner-two-people.jpg\"},{\"@type\":\"BreadcrumbList\",\"@id\":\"https:\/\/ombudnb.ca\/fr\/a-propos\/#breadcrumb\",\"itemListElement\":[{\"@type\":\"ListItem\",\"position\":1,\"name\":\"Home\",\"item\":\"https:\/\/ombudnb.ca\/fr\/\"},{\"@type\":\"ListItem\",\"position\":2,\"name\":\"\u00c0 propos\"}]},{\"@type\":\"WebSite\",\"@id\":\"https:\/\/ombudnb.ca\/fr\/#website\",\"url\":\"https:\/\/ombudnb.ca\/fr\/\",\"name\":\"Ombud NB\",\"description\":\"\",\"publisher\":{\"@id\":\"https:\/\/ombudnb.ca\/fr\/#organization\"},\"potentialAction\":[{\"@type\":\"SearchAction\",\"target\":{\"@type\":\"EntryPoint\",\"urlTemplate\":\"https:\/\/ombudnb.ca\/fr\/?s={search_term_string}\"},\"query-input\":{\"@type\":\"PropertyValueSpecification\",\"valueRequired\":true,\"valueName\":\"search_term_string\"}}],\"inLanguage\":\"fr-FR\"},{\"@type\":\"Organization\",\"@id\":\"https:\/\/ombudnb.ca\/fr\/#organization\",\"name\":\"Ombud NB\",\"url\":\"https:\/\/ombudnb.ca\/fr\/\",\"logo\":{\"@type\":\"ImageObject\",\"inLanguage\":\"fr-FR\",\"@id\":\"https:\/\/ombudnb.ca\/fr\/#\/schema\/logo\/image\/\",\"url\":\"https:\/\/ombudnb.ca\/wp-content\/uploads\/2022\/10\/Logo.svg\",\"contentUrl\":\"https:\/\/ombudnb.ca\/wp-content\/uploads\/2022\/10\/Logo.svg\",\"width\":179,\"height\":126,\"caption\":\"Ombud NB\"},\"image\":{\"@id\":\"https:\/\/ombudnb.ca\/fr\/#\/schema\/logo\/image\/\"}}]}<\/script>\n<!-- \/ Yoast SEO plugin. -->","yoast_head_json":{"title":"\u00c0 propos - Ombud NB","description":"\u00c0 propos de l\u2019ombud. Notre vision, notre mission et nos valeurs et notre histoire.","robots":{"index":"index","follow":"follow","max-snippet":"max-snippet:-1","max-image-preview":"max-image-preview:large","max-video-preview":"max-video-preview:-1"},"canonical":"https:\/\/ombudnb.ca\/fr\/a-propos\/","og_locale":"fr_FR","og_type":"article","og_title":"\u00c0 propos - Ombud NB","og_description":"\u00c0 propos de l\u2019ombud. Notre vision, notre mission et nos valeurs et notre histoire.","og_url":"https:\/\/ombudnb.ca\/fr\/a-propos\/","og_site_name":"Ombud NB","article_modified_time":"2024-02-12T18:09:51+00:00","og_image":[{"url":"https:\/\/ombudnb.ca\/wp-content\/uploads\/2023\/03\/top-banner-two-people.jpg","type":"","width":"","height":""}],"twitter_card":"summary_large_image","twitter_misc":{"Dur\u00e9e de lecture estim\u00e9e":"10 minutes"},"schema":{"@context":"https:\/\/schema.org","@graph":[{"@type":"WebPage","@id":"https:\/\/ombudnb.ca\/fr\/a-propos\/","url":"https:\/\/ombudnb.ca\/fr\/a-propos\/","name":"\u00c0 propos - Ombud NB","isPartOf":{"@id":"https:\/\/ombudnb.ca\/fr\/#website"},"primaryImageOfPage":{"@id":"https:\/\/ombudnb.ca\/fr\/a-propos\/#primaryimage"},"image":{"@id":"https:\/\/ombudnb.ca\/fr\/a-propos\/#primaryimage"},"thumbnailUrl":"https:\/\/ombudnb.ca\/wp-content\/uploads\/2023\/03\/top-banner-two-people.jpg","datePublished":"2022-10-06T10:10:04+00:00","dateModified":"2024-02-12T18:09:51+00:00","description":"\u00c0 propos de l\u2019ombud. Notre vision, notre mission et nos valeurs et notre histoire.","breadcrumb":{"@id":"https:\/\/ombudnb.ca\/fr\/a-propos\/#breadcrumb"},"inLanguage":"fr-FR","potentialAction":[{"@type":"ReadAction","target":["https:\/\/ombudnb.ca\/fr\/a-propos\/"]}]},{"@type":"ImageObject","inLanguage":"fr-FR","@id":"https:\/\/ombudnb.ca\/fr\/a-propos\/#primaryimage","url":"https:\/\/ombudnb.ca\/wp-content\/uploads\/2023\/03\/top-banner-two-people.jpg","contentUrl":"https:\/\/ombudnb.ca\/wp-content\/uploads\/2023\/03\/top-banner-two-people.jpg"},{"@type":"BreadcrumbList","@id":"https:\/\/ombudnb.ca\/fr\/a-propos\/#breadcrumb","itemListElement":[{"@type":"ListItem","position":1,"name":"Home","item":"https:\/\/ombudnb.ca\/fr\/"},{"@type":"ListItem","position":2,"name":"\u00c0 propos"}]},{"@type":"WebSite","@id":"https:\/\/ombudnb.ca\/fr\/#website","url":"https:\/\/ombudnb.ca\/fr\/","name":"Ombud NB","description":"","publisher":{"@id":"https:\/\/ombudnb.ca\/fr\/#organization"},"potentialAction":[{"@type":"SearchAction","target":{"@type":"EntryPoint","urlTemplate":"https:\/\/ombudnb.ca\/fr\/?s={search_term_string}"},"query-input":{"@type":"PropertyValueSpecification","valueRequired":true,"valueName":"search_term_string"}}],"inLanguage":"fr-FR"},{"@type":"Organization","@id":"https:\/\/ombudnb.ca\/fr\/#organization","name":"Ombud NB","url":"https:\/\/ombudnb.ca\/fr\/","logo":{"@type":"ImageObject","inLanguage":"fr-FR","@id":"https:\/\/ombudnb.ca\/fr\/#\/schema\/logo\/image\/","url":"https:\/\/ombudnb.ca\/wp-content\/uploads\/2022\/10\/Logo.svg","contentUrl":"https:\/\/ombudnb.ca\/wp-content\/uploads\/2022\/10\/Logo.svg","width":179,"height":126,"caption":"Ombud NB"},"image":{"@id":"https:\/\/ombudnb.ca\/fr\/#\/schema\/logo\/image\/"}}]}},"_links":{"self":[{"href":"https:\/\/ombudnb.ca\/fr\/wp-json\/wp\/v2\/pages\/791","targetHints":{"allow":["GET"]}}],"collection":[{"href":"https:\/\/ombudnb.ca\/fr\/wp-json\/wp\/v2\/pages"}],"about":[{"href":"https:\/\/ombudnb.ca\/fr\/wp-json\/wp\/v2\/types\/page"}],"author":[{"embeddable":true,"href":"https:\/\/ombudnb.ca\/fr\/wp-json\/wp\/v2\/users\/6"}],"replies":[{"embeddable":true,"href":"https:\/\/ombudnb.ca\/fr\/wp-json\/wp\/v2\/comments?post=791"}],"version-history":[{"count":0,"href":"https:\/\/ombudnb.ca\/fr\/wp-json\/wp\/v2\/pages\/791\/revisions"}],"wp:attachment":[{"href":"https:\/\/ombudnb.ca\/fr\/wp-json\/wp\/v2\/media?parent=791"}],"curies":[{"name":"wp","href":"https:\/\/api.w.org\/{rel}","templated":true}]}}